{"id":156464,"date":"2024-09-03T01:35:00","date_gmt":"2024-09-02T23:35:00","guid":{"rendered":"https:\/\/weisetech.dev\/fc-barcelona-noticias\/en\/calendario\/all-matches-will-be-played-international-fc-barcelona-fifa-date_307004_102\/"},"modified":"2024-09-03T02:11:00","modified_gmt":"2024-09-03T00:11:00","slug":"all-matches-will-be-played-international-fc-barcelona-fifa-date_307004_102","status":"publish","type":"fcb_calendar","link":"https:\/\/www.fcbarcelonanoticias.com\/en\/calendar\/all-matches-will-be-played-international-fc-barcelona-fifa-date_307004_102.html","title":{"rendered":"All the matches that FC Barcelona&#8217;s internationals will play on the FIFA date"},"content":{"rendered":"<h2 class=\"wp-block-heading\">FC Barcelona has a total of nine first-team players called up by their national teams for the September FIFA matchday. At FCBN we review the schedule that awaits the Bar\u00e7a internationals this week<\/h2>\n<p>A total of nine FC Barcelona players will be called up by their national teams this week for the September FIFA matchday. <strong>The double international matchday marks the start of the UEFA Nations League in Europe, while the 2026 World Cup qualifiers continue in South America<\/strong>, as well as in Asia. There will also be action in CONCACAF with friendlies, as well as in Africa with the qualifying tournament for the 2025 African Cup of Nations. For the Bar\u00e7a internationals, there will only be action in Europe during this break.<\/p>\n<h2>Dani&nbsp;Olmo, Lamine Yamal, Pedri and Ferran will see action with La Roja<\/h2>\n<p>Luis de la Fuente has called up four cul\u00e9s for the first double-header of the Nations League, a tournament in which La Roja is the reigning champion. Dani Olmo, Lamine Yamal, Pedri Gonz\u00e1lez and Ferran Torres will report to the European champions this week for the matches <strong>against Serbia (Thursday 5, in Belgrade) and Switzerland (Sunday 8, in Geneva)<\/strong>, two away games that are in principle complicated for the National Team after lifting the Euro Cup in Germany. Both matches will be played at 20:45 Spanish time (8:45 PM CEST).<\/p>\n<h2>Kound\u00e9, Ter Stegen and Lewandowski will also be in the Nations League<\/h2>\n<p>The other three Bar\u00e7a internationals who will see action in the UEFA Nations League are Jules Kound\u00e9, Marc-Andr\u00e9 ter Stegen and Robert Lewandowski. The centre-back will make his tournament debut against Italy (Friday 6) and then face Belgium (Monday 9), both games at home. For his part, Ter Stegen will finally take up the German goal after Manuel Neuer&#8217;s international retirement against Hungary at home (Saturday 7) and the Netherlands (Tuesday 10, away). In the case of &#8216;Lewy&#8217;, he will be with Poland for the matches against Scotland (Thursday 5) and Croatia (Sunday 8), both away from home.<\/p>\n<h2>Ferm\u00edn and Cubars\u00ed will have two matches with the Spanish U-21<\/h2>\n<p>The other two Bar\u00e7a internationals called up for the September FIFA match are Pau Cubars\u00ed and Ferm\u00edn L\u00f3pez. Both will play two matches with the Spain U-21s managed by Santi Denia, both corresponding to the qualifying rounds for the next European Championship in this category. La Roja shares the lead in Group B with Ukraine, both teams with 7 points from 2 wins and 1 draw. The next matches for the National Team will be away, against Scotland (Friday 6) and Hungary (Tuesday 10).<\/p>\n<h2>The agenda of Bar\u00e7a&#8217;s internationals during the September break<\/h2>\n<table class=\"tv_int\">\n<thead>\n<tr>\n<th>Match<\/th>\n<th>Date and Schedule<\/th>\n<th>\n<p>Bar\u00e7a players called up<\/p>\n<\/th>\n<\/tr>\n<\/thead>\n<tbody>\n<tr>\n<td>Serbia-Spain<\/td>\n<td>Thursday 5\/9, 20:45<\/td>\n<td>Dani Olmo, Pedri, Lamine and Ferran<\/td>\n<\/tr>\n<tr>\n<td>Switzerland-Spain<\/td>\n<td>Sunday 8\/9, 20:45<\/td>\n<td>Dani Olmo, Pedri, Lamine and Ferran<\/td>\n<\/tr>\n<tr>\n<td>France-Italy<\/td>\n<td>Friday 6\/9, 20:45<\/td>\n<td>Jules Kound\u00e9<\/td>\n<\/tr>\n<tr>\n<td>France-Belgium<\/td>\n<td>Monday 9\/9, 20:45<\/td>\n<td>Jules Kound\u00e9<\/td>\n<\/tr>\n<tr>\n<td>Germany-Hungary<\/td>\n<td>Saturday 7\/9, 20:45<\/td>\n<td>Ter Stegen<\/td>\n<\/tr>\n<tr>\n<td>Countries-Low-Germany<\/td>\n<td>Tuesday 10\/9, 20:45<\/td>\n<td>Ter Stegen<\/td>\n<\/tr>\n<tr>\n<td>Scotland-Poland<\/td>\n<td>Thursday 5\/9, 20:45<\/td>\n<td>Robert Lewandowski<\/td>\n<\/tr>\n<tr>\n<td>Croatia-Poland<\/td>\n<td>Sunday 8\/9, 20:45<\/td>\n<td>Robert Lewandowski<\/td>\n<\/tr>\n<tr>\n<td>Scotland-Spain (Sub-21)<\/td>\n<td>Friday 6\/9, 20:00<\/td>\n<td>Ferm\u00edn L\u00f3pez and Pau Cubars\u00ed<\/td>\n<\/tr>\n<tr>\n<td>Hungary-Spain (Sub-21)<\/td>\n<td>Tuesday 10\/9, 17:45<\/td>\n<td>Ferm\u00edn L\u00f3pez and Pau Cubars\u00ed<\/td>\n<\/tr>\n<\/tbody>\n<\/table>\n","protected":false},"excerpt":{"rendered":"<p>FC Barcelona has a total of nine first-team players called up by their national teams for the September FIFA matchday. At FCBN we review the schedule that awaits the Bar\u00e7a internationals this week A total of nine FC Barcelona players will be called up by their national teams this week for the September FIFA matchday. [&hellip;]<\/p>\n","protected":false},"featured_media":156465,"template":"","categories":[457,41],"tags":[91],"class_list":["post-156464","fcb_calendar","type-fcb_calendar","status-publish","has-post-thumbnail","hentry","category-calendar-2","category-calendar","tag-national-teams"],"acf":[],"yoast_head":"<!-- This site is optimized with the Yoast SEO plugin v27.3 - https:\/\/yoast.com\/product\/yoast-seo-wordpress\/ -->\n<title>All the matches that FC Barcelona&#039;s internationals will play on the FIFA date<\/title>\n<meta name=\"description\" content=\"FC Barcelona has a total of nine first-team players called up by their national teams for the September FIFA matchday. At FCBN we review the schedule that awaits the Bar\u00e7a internationals this week\" \/>\n<meta name=\"robots\" content=\"index, follow, max-snippet:-1, max-image-preview:large, max-video-preview:-1\" \/>\n<link rel=\"canonical\" href=\"https:\/\/www.fcbarcelonanoticias.com\/en\/calendar\/all-matches-will-be-played-international-fc-barcelona-fifa-date_307004_102.html\" \/>\n<meta property=\"og:locale\" content=\"en_US\" \/>\n<meta property=\"og:type\" content=\"article\" \/>\n<meta property=\"og:title\" content=\"All the matches that FC Barcelona&#039;s internationals will play on the FIFA date\" \/>\n<meta property=\"og:description\" content=\"FC Barcelona has a total of nine first-team players called up by their national teams for the September FIFA matchday. At FCBN we review the schedule that awaits the Bar\u00e7a internationals this week\" \/>\n<meta property=\"og:url\" content=\"https:\/\/www.fcbarcelonanoticias.com\/en\/calendar\/all-matches-will-be-played-international-fc-barcelona-fifa-date_307004_102.html\" \/>\n<meta property=\"og:site_name\" content=\"EN - FC Barcelona Noticias\" \/>\n<meta property=\"article:modified_time\" content=\"2024-09-03T00:11:00+00:00\" \/>\n<meta property=\"og:image\" content=\"https:\/\/www.fcbarcelonanoticias.com\/en\/wp-content\/uploads\/sites\/2\/2024\/09\/robert-lewandowski-polonia-1.jpeg\" \/>\n\t<meta property=\"og:image:width\" content=\"1300\" \/>\n\t<meta property=\"og:image:height\" content=\"732\" \/>\n\t<meta property=\"og:image:type\" content=\"image\/jpeg\" \/>\n<meta name=\"twitter:card\" content=\"summary_large_image\" \/>\n<meta name=\"twitter:label1\" content=\"Est. reading time\" \/>\n\t<meta name=\"twitter:data1\" content=\"3 minutes\" \/>\n<script type=\"application\/ld+json\" class=\"yoast-schema-graph\">{\"@context\":\"https:\\\/\\\/schema.org\",\"@graph\":[{\"@type\":\"WebPage\",\"@id\":\"https:\\\/\\\/www.fcbarcelonanoticias.com\\\/en\\\/calendar\\\/all-matches-will-be-played-international-fc-barcelona-fifa-date_307004_102.html\",\"url\":\"https:\\\/\\\/www.fcbarcelonanoticias.com\\\/en\\\/calendar\\\/all-matches-will-be-played-international-fc-barcelona-fifa-date_307004_102.html\",\"name\":\"All the matches that FC Barcelona's internationals will play on the FIFA date\",\"isPartOf\":{\"@id\":\"https:\\\/\\\/www.fcbarcelonanoticias.com\\\/en\\\/#website\"},\"primaryImageOfPage\":{\"@id\":\"https:\\\/\\\/www.fcbarcelonanoticias.com\\\/en\\\/calendar\\\/all-matches-will-be-played-international-fc-barcelona-fifa-date_307004_102.html#primaryimage\"},\"image\":{\"@id\":\"https:\\\/\\\/www.fcbarcelonanoticias.com\\\/en\\\/calendar\\\/all-matches-will-be-played-international-fc-barcelona-fifa-date_307004_102.html#primaryimage\"},\"thumbnailUrl\":\"https:\\\/\\\/www.fcbarcelonanoticias.com\\\/en\\\/wp-content\\\/uploads\\\/sites\\\/2\\\/2024\\\/09\\\/robert-lewandowski-polonia-1.jpeg\",\"datePublished\":\"2024-09-02T23:35:00+00:00\",\"dateModified\":\"2024-09-03T00:11:00+00:00\",\"description\":\"FC Barcelona has a total of nine first-team players called up by their national teams for the September FIFA matchday. At FCBN we review the schedule that awaits the Bar\u00e7a internationals this week\",\"breadcrumb\":{\"@id\":\"https:\\\/\\\/www.fcbarcelonanoticias.com\\\/en\\\/calendar\\\/all-matches-will-be-played-international-fc-barcelona-fifa-date_307004_102.html#breadcrumb\"},\"inLanguage\":\"en-US\",\"potentialAction\":[{\"@type\":\"ReadAction\",\"target\":[\"https:\\\/\\\/www.fcbarcelonanoticias.com\\\/en\\\/calendar\\\/all-matches-will-be-played-international-fc-barcelona-fifa-date_307004_102.html\"]}]},{\"@type\":\"ImageObject\",\"inLanguage\":\"en-US\",\"@id\":\"https:\\\/\\\/www.fcbarcelonanoticias.com\\\/en\\\/calendar\\\/all-matches-will-be-played-international-fc-barcelona-fifa-date_307004_102.html#primaryimage\",\"url\":\"https:\\\/\\\/www.fcbarcelonanoticias.com\\\/en\\\/wp-content\\\/uploads\\\/sites\\\/2\\\/2024\\\/09\\\/robert-lewandowski-polonia-1.jpeg\",\"contentUrl\":\"https:\\\/\\\/www.fcbarcelonanoticias.com\\\/en\\\/wp-content\\\/uploads\\\/sites\\\/2\\\/2024\\\/09\\\/robert-lewandowski-polonia-1.jpeg\",\"width\":1300,\"height\":732},{\"@type\":\"BreadcrumbList\",\"@id\":\"https:\\\/\\\/www.fcbarcelonanoticias.com\\\/en\\\/calendar\\\/all-matches-will-be-played-international-fc-barcelona-fifa-date_307004_102.html#breadcrumb\",\"itemListElement\":[{\"@type\":\"ListItem\",\"position\":1,\"name\":\"Portada\",\"item\":\"https:\\\/\\\/www.fcbarcelonanoticias.com\\\/en\\\/\"},{\"@type\":\"ListItem\",\"position\":2,\"name\":\"Calendars\",\"item\":\"https:\\\/\\\/www.fcbarcelonanoticias.com\\\/en\\\/calendar\\\/\"},{\"@type\":\"ListItem\",\"position\":3,\"name\":\"All the matches that FC Barcelona&#8217;s internationals will play on the FIFA date\"}]},{\"@type\":\"WebSite\",\"@id\":\"https:\\\/\\\/www.fcbarcelonanoticias.com\\\/en\\\/#website\",\"url\":\"https:\\\/\\\/www.fcbarcelonanoticias.com\\\/en\\\/\",\"name\":\"EN - FC Barcelona Noticias\",\"description\":\"\",\"potentialAction\":[{\"@type\":\"SearchAction\",\"target\":{\"@type\":\"EntryPoint\",\"urlTemplate\":\"https:\\\/\\\/www.fcbarcelonanoticias.com\\\/en\\\/?s={search_term_string}\"},\"query-input\":{\"@type\":\"PropertyValueSpecification\",\"valueRequired\":true,\"valueName\":\"search_term_string\"}}],\"inLanguage\":\"en-US\"}]}<\/script>\n<!-- \/ Yoast SEO plugin. -->","yoast_head_json":{"title":"All the matches that FC Barcelona's internationals will play on the FIFA date","description":"FC Barcelona has a total of nine first-team players called up by their national teams for the September FIFA matchday. At FCBN we review the schedule that awaits the Bar\u00e7a internationals this week","robots":{"index":"index","follow":"follow","max-snippet":"max-snippet:-1","max-image-preview":"max-image-preview:large","max-video-preview":"max-video-preview:-1"},"canonical":"https:\/\/www.fcbarcelonanoticias.com\/en\/calendar\/all-matches-will-be-played-international-fc-barcelona-fifa-date_307004_102.html","og_locale":"en_US","og_type":"article","og_title":"All the matches that FC Barcelona's internationals will play on the FIFA date","og_description":"FC Barcelona has a total of nine first-team players called up by their national teams for the September FIFA matchday. At FCBN we review the schedule that awaits the Bar\u00e7a internationals this week","og_url":"https:\/\/www.fcbarcelonanoticias.com\/en\/calendar\/all-matches-will-be-played-international-fc-barcelona-fifa-date_307004_102.html","og_site_name":"EN - FC Barcelona Noticias","article_modified_time":"2024-09-03T00:11:00+00:00","og_image":[{"width":1300,"height":732,"url":"https:\/\/www.fcbarcelonanoticias.com\/en\/wp-content\/uploads\/sites\/2\/2024\/09\/robert-lewandowski-polonia-1.jpeg","type":"image\/jpeg"}],"twitter_card":"summary_large_image","twitter_misc":{"Est. reading time":"3 minutes"},"schema":{"@context":"https:\/\/schema.org","@graph":[{"@type":"WebPage","@id":"https:\/\/www.fcbarcelonanoticias.com\/en\/calendar\/all-matches-will-be-played-international-fc-barcelona-fifa-date_307004_102.html","url":"https:\/\/www.fcbarcelonanoticias.com\/en\/calendar\/all-matches-will-be-played-international-fc-barcelona-fifa-date_307004_102.html","name":"All the matches that FC Barcelona's internationals will play on the FIFA date","isPartOf":{"@id":"https:\/\/www.fcbarcelonanoticias.com\/en\/#website"},"primaryImageOfPage":{"@id":"https:\/\/www.fcbarcelonanoticias.com\/en\/calendar\/all-matches-will-be-played-international-fc-barcelona-fifa-date_307004_102.html#primaryimage"},"image":{"@id":"https:\/\/www.fcbarcelonanoticias.com\/en\/calendar\/all-matches-will-be-played-international-fc-barcelona-fifa-date_307004_102.html#primaryimage"},"thumbnailUrl":"https:\/\/www.fcbarcelonanoticias.com\/en\/wp-content\/uploads\/sites\/2\/2024\/09\/robert-lewandowski-polonia-1.jpeg","datePublished":"2024-09-02T23:35:00+00:00","dateModified":"2024-09-03T00:11:00+00:00","description":"FC Barcelona has a total of nine first-team players called up by their national teams for the September FIFA matchday. At FCBN we review the schedule that awaits the Bar\u00e7a internationals this week","breadcrumb":{"@id":"https:\/\/www.fcbarcelonanoticias.com\/en\/calendar\/all-matches-will-be-played-international-fc-barcelona-fifa-date_307004_102.html#breadcrumb"},"inLanguage":"en-US","potentialAction":[{"@type":"ReadAction","target":["https:\/\/www.fcbarcelonanoticias.com\/en\/calendar\/all-matches-will-be-played-international-fc-barcelona-fifa-date_307004_102.html"]}]},{"@type":"ImageObject","inLanguage":"en-US","@id":"https:\/\/www.fcbarcelonanoticias.com\/en\/calendar\/all-matches-will-be-played-international-fc-barcelona-fifa-date_307004_102.html#primaryimage","url":"https:\/\/www.fcbarcelonanoticias.com\/en\/wp-content\/uploads\/sites\/2\/2024\/09\/robert-lewandowski-polonia-1.jpeg","contentUrl":"https:\/\/www.fcbarcelonanoticias.com\/en\/wp-content\/uploads\/sites\/2\/2024\/09\/robert-lewandowski-polonia-1.jpeg","width":1300,"height":732},{"@type":"BreadcrumbList","@id":"https:\/\/www.fcbarcelonanoticias.com\/en\/calendar\/all-matches-will-be-played-international-fc-barcelona-fifa-date_307004_102.html#breadcrumb","itemListElement":[{"@type":"ListItem","position":1,"name":"Portada","item":"https:\/\/www.fcbarcelonanoticias.com\/en\/"},{"@type":"ListItem","position":2,"name":"Calendars","item":"https:\/\/www.fcbarcelonanoticias.com\/en\/calendar\/"},{"@type":"ListItem","position":3,"name":"All the matches that FC Barcelona&#8217;s internationals will play on the FIFA date"}]},{"@type":"WebSite","@id":"https:\/\/www.fcbarcelonanoticias.com\/en\/#website","url":"https:\/\/www.fcbarcelonanoticias.com\/en\/","name":"EN - FC Barcelona Noticias","description":"","potentialAction":[{"@type":"SearchAction","target":{"@type":"EntryPoint","urlTemplate":"https:\/\/www.fcbarcelonanoticias.com\/en\/?s={search_term_string}"},"query-input":{"@type":"PropertyValueSpecification","valueRequired":true,"valueName":"search_term_string"}}],"inLanguage":"en-US"}]}},"_links":{"self":[{"href":"https:\/\/www.fcbarcelonanoticias.com\/en\/wp-json\/wp\/v2\/fcb_calendar\/156464","targetHints":{"allow":["GET"]}}],"collection":[{"href":"https:\/\/www.fcbarcelonanoticias.com\/en\/wp-json\/wp\/v2\/fcb_calendar"}],"about":[{"href":"https:\/\/www.fcbarcelonanoticias.com\/en\/wp-json\/wp\/v2\/types\/fcb_calendar"}],"wp:featuredmedia":[{"embeddable":true,"href":"https:\/\/www.fcbarcelonanoticias.com\/en\/wp-json\/wp\/v2\/media\/156465"}],"wp:attachment":[{"href":"https:\/\/www.fcbarcelonanoticias.com\/en\/wp-json\/wp\/v2\/media?parent=156464"}],"wp:term":[{"taxonomy":"category","embeddable":true,"href":"https:\/\/www.fcbarcelonanoticias.com\/en\/wp-json\/wp\/v2\/categories?post=156464"},{"taxonomy":"post_tag","embeddable":true,"href":"https:\/\/www.fcbarcelonanoticias.com\/en\/wp-json\/wp\/v2\/tags?post=156464"}],"curies":[{"name":"wp","href":"https:\/\/api.w.org\/{rel}","templated":true}]}}