{"id":59380,"date":"2026-03-23T10:53:26","date_gmt":"2026-03-23T09:53:26","guid":{"rendered":"https:\/\/weisetech.dev\/fc-barcelona-noticias\/en\/lamine-yamal-fc-barcelona-player\/"},"modified":"2026-03-30T14:04:26","modified_gmt":"2026-03-30T12:04:26","slug":"lamine-yamal-fc-barcelona-player","status":"publish","type":"page","link":"https:\/\/www.fcbarcelonanoticias.com\/en\/lamine-yamal-fc-barcelona-player.html","title":{"rendered":"LAMINE YAMAL"},"content":{"rendered":"<div class=\"calendar-page\">\n<div class=\"row row-content\">\n<div class=\"col-xs-12 col-sm-12 col-md-12 col-lg-12\">\n<div class=\"csl-inner csl-hot\"><!-- ========== FCBN | JUGADOR DEMO (LAMINE YAMAL \u2022 ACTUALIZADO) ========== --><\/p>\n<section id=\"fcbn-master-jugador\" class=\"fcbn-master\" dir=\"ltr\" lang=\"es\">\n<div class=\"fcbn-master__wrap\"><!-- ===== HERO ===== --><\/p>\n<header class=\"fcbn-master__hero\" role=\"region\" aria-label=\"Cabecera de la secci\u00f3n\">\n<h1 class=\"fcbn-hero__title\"><span class=\"line\">LAMINE YAMAL<\/span><\/h1>\n<p class=\"fcbn-hero__sub\">Datos, estad\u00edsticas y r\u00e9cords del &#8217;10&#8217; del Bar\u00e7a<\/p>\n<\/header>\n<p><!-- ===== FRANJA STATS FIJA ===== --><\/p>\n<section class=\"fcbn-statsbar\" aria-label=\"Resumen de estad\u00edsticas\">\n<article class=\"fcbn-stat\"><span class=\"fcbn-stat__label\">PARTIDOS<\/span><span class=\"fcbn-stat__value\">11 (117)<\/span><span class=\"fcbn-stat__season\">TEMPORADA 2025\/26 (TOTAL)<\/span><\/article>\n<article class=\"fcbn-stat\"><span class=\"fcbn-stat__label\">GOLES<\/span><span class=\"fcbn-stat__value\">6 (31)<\/span><span class=\"fcbn-stat__season\">TEMPORADA 2025\/26 (TOTAL)<\/span><\/article>\n<article class=\"fcbn-stat\"><span class=\"fcbn-stat__label\">ASISTENCIAS<\/span><span class=\"fcbn-stat__value\">5 (39)<\/span><span class=\"fcbn-stat__season\">TEMPORADA 2025\/26 (TOTAL)<\/span><\/article>\n<\/section>\n<div class=\"fcbn-master__grid\"><!-- ===== CARRUSEL: ESTAD\u00cdSTICAS ===== --><\/p>\n<section id=\"estadisticas\" class=\"fcbn-card\" aria-labelledby=\"stats-h3\">\n<h2 id=\"stats-h2\">Estad\u00edsticas de Lamine Yamal<\/h2>\n<div class=\"fcbn-carousel fcbn-focusable\" role=\"region\" aria-label=\"Carrusel de estad\u00edsticas\">\n<div id=\"track-stats-jugador\" class=\"fcbn-track fcbn-track--stats\" tabindex=\"0\">\n<article class=\"fcbn-statcard\">\n<div class=\"fcbn-statcard__head\">PARTIDOS 2025\/26 (TOTAL)<\/div>\n<div class=\"fcbn-statcard__body\">\n<div class=\"fcbn-statline\"><strong>Liga<\/strong>8 (81)<\/div>\n<div class=\"fcbn-statline\"><strong>Copa<\/strong>0 (6)<\/div>\n<div class=\"fcbn-statline\"><strong>Champions<\/strong>3 (26)<\/div>\n<div class=\"fcbn-statline\"><strong>Supercopa<\/strong>0 (4)<\/div>\n<div class=\"fcbn-statline\"><strong>Total<\/strong>11 (117)<\/div>\n<\/div>\n<\/article>\n<article class=\"fcbn-statcard\">\n<div class=\"fcbn-statcard__head\">GOLES 2025\/26 (TOTAL)<\/div>\n<div class=\"fcbn-statcard__body\">\n<div class=\"fcbn-statline\"><strong>Liga<\/strong>4 (18)<\/div>\n<div class=\"fcbn-statline\"><strong>Copa<\/strong>0 (3)<\/div>\n<div class=\"fcbn-statline\"><strong>Champions<\/strong>2 (7)<\/div>\n<div class=\"fcbn-statline\"><strong>Supercopa<\/strong>0 (3)<\/div>\n<div class=\"fcbn-statline\"><strong>Total<\/strong>6 (31)<\/div>\n<\/div>\n<\/article>\n<article class=\"fcbn-statcard\">\n<div class=\"fcbn-statcard__head\">ASISTENCIAS 2025\/26 (TOTAL)<\/div>\n<div class=\"fcbn-statcard__body\">\n<div class=\"fcbn-statline\"><strong>Liga<\/strong>4 (26)<\/div>\n<div class=\"fcbn-statline\"><strong>Copa<\/strong>0 (6)<\/div>\n<div class=\"fcbn-statline\"><strong>Champions<\/strong>1 (7)<\/div>\n<div class=\"fcbn-statline\"><strong>Supercopa<\/strong>0 (0)<\/div>\n<div class=\"fcbn-statline\"><strong>Total<\/strong>5 (39)<\/div>\n<\/div>\n<\/article>\n<\/div>\n<div class=\"fcbn-nav\"><button class=\"fcbn-btn\" aria-label=\"Anterior\" data-dir=\"-1\" data-target=\"#track-stats-jugador\">\u2039<\/button><button class=\"fcbn-btn\" aria-label=\"Siguiente\" data-dir=\"1\" data-target=\"#track-stats-jugador\">\u203a<\/button><\/div>\n<\/div>\n<\/section>\n<p><!-- ===== CARRUSEL: NOTICIAS ===== --><\/p>\n<section id=\"noticias\" class=\"fcbn-card\" aria-labelledby=\"news-h3\">\n<h2 id=\"news-h3\">Noticias de Lamine Yamal<\/h2>\n<div class=\"fcbn-carousel fcbn-focusable\" role=\"region\" aria-label=\"Carrusel de noticias\">\n<div id=\"track-news-jugador\" class=\"fcbn-track fcbn-track--news\" tabindex=\"0\">\n<div class=\"fcbn-cardthumb\"><a class=\"fcbn-cardlink\" href=\"https:\/\/www.fcbarcelonanoticias.com\/futbol\/the-best-2025-barcelona-lamine-pedri-raphinha-szczesny_315212_102.html\" data-link-type=\"internal\"><img loading=\"lazy\" decoding=\"async\" src=\"https:\/\/www.fcbarcelonanoticias.com\/wp-content\/uploads\/2026\/03\/jugadores-nominados-premio-the-best-2025_4_641x361-1.webp\" alt=\"Lamine Yamal, nominado a mejor jugador en los premios The Best 2025\" width=\"1200\" height=\"675\" \/><\/a><\/div>\n<div class=\"fcbn-cardthumb\"><a class=\"fcbn-cardlink\" href=\"https:\/\/www.fcbarcelonanoticias.com\/futbol\/lamine-yamal-pedri-entran-xi-ano-fifpro-raphinha-queda-margen_315193_102.html\" data-link-type=\"internal\"><img loading=\"lazy\" decoding=\"async\" src=\"https:\/\/www.fcbarcelonanoticias.com\/wp-content\/uploads\/2026\/03\/lamine-yamal-raphinha-barcelona-24-25_4_641x361-2.webp\" alt=\"Lamine Yamal y Pedri entran en el XI del a\u00f1o de FIFPRO\" width=\"1200\" height=\"675\" \/><\/a><\/div>\n<div class=\"fcbn-cardthumb\"><a class=\"fcbn-cardlink\" href=\"https:\/\/www.fcbarcelonanoticias.com\/balon-de-oro\/lamine-yamal-primer-futbolista-gana-dos-premios-kopa-y-consecutivos_314796_102.html\" data-link-type=\"internal\"><img loading=\"lazy\" decoding=\"async\" src=\"https:\/\/www.fcbarcelonanoticias.com\/wp-content\/uploads\/2026\/03\/lamine-yamal-gana-su-segundo-premiso-kopa_4_641x361-2.webp\" alt=\"Lamine Yamal: primer futbolista en ganar dos premios Kopa \u00a1y consecutivos!\" width=\"1200\" height=\"675\" \/><\/a><\/div>\n<div class=\"fcbn-cardthumb\"><a class=\"fcbn-cardlink\" href=\"https:\/\/www.fcbarcelonanoticias.com\/balon-de-oro\/lamine-yamal-gana-trofeo-kopa-2025-primer-jugador-revalida-premio_314792_102.html\" data-link-type=\"internal\"><img loading=\"lazy\" decoding=\"async\" src=\"https:\/\/www.fcbarcelonanoticias.com\/wp-content\/uploads\/2026\/03\/lamine-yamal-trofeo-kopa-2025_4_641x361-2.webp\" alt=\"HIST\u00d3RICO: Lamine Yamal gana el Trofeo Kopa 2025\" width=\"1200\" height=\"675\" \/><\/a><\/div>\n<\/div>\n<div class=\"fcbn-nav\"><button class=\"fcbn-btn\" aria-label=\"Anterior\" data-dir=\"-1\" data-target=\"#track-news-jugador\">\u2039<\/button><button class=\"fcbn-btn\" aria-label=\"Siguiente\" data-dir=\"1\" data-target=\"#track-news-jugador\">\u203a<\/button><\/div>\n<\/div>\n<\/section>\n<p><!-- ===== ACORDE\u00d3N: R\u00c9CORDS ===== --><\/p>\n<section id=\"records\" class=\"fcbn-card\" aria-labelledby=\"records-h3\">\n<h2 id=\"records-h3\">R\u00e9cords de Lamine Yamal<\/h2>\n<div class=\"fcbn-acc\"><!-- LaLiga --><\/p>\n<article id=\"rec-laliga\" class=\"fcbn-accrow\"><button class=\"fcbn-acc-btn fcbn-focusable\" type=\"button\" aria-controls=\"rec-laliga-box\" aria-expanded=\"false\"><span class=\"fcbn-rowheader\"><span class=\"fcbn-badge\">LaLiga<\/span><span class=\"fcbn-fixture\">Marcas hist\u00f3ricas en liga<\/span><\/span> <span class=\"icon\" aria-hidden=\"true\">\u203a<\/span><\/button><\/p>\n<div id=\"rec-laliga-box\" class=\"fcbn-subrows\" role=\"region\" aria-label=\"R\u00e9cords LaLiga\">\n<div class=\"fcbn-row\"><strong>Jugador m\u00e1s joven en marcar un penalti en LaLiga en el siglo XXI<\/strong><span class=\"desc\">31\/08\/2025 \u2014 18 a\u00f1os y 49 d\u00edas (vs Rayo 1\u20131), en Vallecas.<\/span><a class=\"ver-link\" href=\"https:\/\/www.fcbarcelonanoticias.com\/laliga\/lamine-yamal-record-penalti-laliga_314549_102.html\" data-link-type=\"internal\">VER<\/a><\/div>\n<div class=\"fcbn-row\"><strong>Goleador m\u00e1s joven de El Cl\u00e1sico<\/strong><span class=\"desc\">26\/10\/2024 \u2014 17 a\u00f1os y 105 d\u00edas (vs Real Madrid 4\u20130), en el Santiago Bernab\u00e9u.<\/span><a class=\"ver-link\" href=\"https:\/\/www.fcbarcelonanoticias.com\/es\/categoria.php%3FIDC=498.html\" data-link-type=\"internal\">VER<\/a><\/div>\n<div class=\"fcbn-row\"><strong>Jugador m\u00e1s joven en disputar 50 partidos con el Bar\u00e7a<\/strong><span class=\"desc\">19\/05\/2024 \u2014 16 a\u00f1os y 310 d\u00edas (vs Rayo 3\u20130). Super\u00f3 a Bojan Krki\u0107.<\/span><a class=\"ver-link\" href=\"https:\/\/www.fcbarcelonanoticias.com\/es\/categoria.php%3FIDC=498.html\" data-link-type=\"internal\">VER<\/a><\/div>\n<div class=\"fcbn-row\"><strong>Jugador m\u00e1s joven en anotar un doblete en LaLiga<\/strong><span class=\"desc\">03\/03\/2024 \u2014 16 a\u00f1os y 213 d\u00edas (vs Granada 3\u20131). Primer doblete en competici\u00f3n profesional.<\/span><a class=\"ver-link\" href=\"https:\/\/www.fcbarcelonanoticias.com\/es\/categoria.php%3FIDC=498.html\" data-link-type=\"internal\">VER<\/a><\/div>\n<div class=\"fcbn-row\"><strong>Jugador m\u00e1s joven en disputar un Cl\u00e1sico contra el Real Madrid<\/strong><span class=\"desc\">28\/10\/2023 \u2014 16 a\u00f1os y 107 d\u00edas (vs Real Madrid 2\u20131). Super\u00f3 a Vicen\u00e7 Mart\u00ednez.<\/span><a class=\"ver-link\" href=\"https:\/\/www.fcbarcelonanoticias.com\/es\/categoria.php%3FIDC=498.html\" data-link-type=\"internal\">VER<\/a><\/div>\n<div class=\"fcbn-row\"><strong>Goleador m\u00e1s joven del FC Barcelona y de LaLiga<\/strong><span class=\"desc\">08\/10\/2023 \u2014 16 a\u00f1os y 87 d\u00edas (vs Granada 2\u20132). Super\u00f3 a Fabrice Olinga por 11 d\u00edas.<\/span><a class=\"ver-link\" href=\"https:\/\/www.fcbarcelonanoticias.com\/es\/categoria.php%3FIDC=498.html\" data-link-type=\"internal\">VER<\/a><\/div>\n<div class=\"fcbn-row\"><strong>Asistente m\u00e1s joven de la historia de LaLiga<\/strong><span class=\"desc\">27\/08\/2023 \u2014 16 a\u00f1os y 45 d\u00edas (vs Villarreal 4\u20133). Asistencia a su compa\u00f1ero Gavi.<\/span><a class=\"ver-link\" href=\"https:\/\/www.fcbarcelonanoticias.com\/es\/categoria.php%3FIDC=498.html\" data-link-type=\"internal\">VER<\/a><\/div>\n<div class=\"fcbn-row\"><strong>Titular m\u00e1s joven de la historia de LaLiga en el siglo XXI<\/strong><span class=\"desc\">20\/08\/2023 \u2014 16 a\u00f1os y 38 d\u00edas (vs C\u00e1diz 2\u20130). Super\u00f3 a Fabrice Olinga (M\u00e1laga, 2012).<\/span><a class=\"ver-link\" href=\"https:\/\/www.fcbarcelonanoticias.com\/es\/categoria.php%3FIDC=498.html\" data-link-type=\"internal\">VER<\/a><\/div>\n<div class=\"fcbn-row\"><strong>Jugador m\u00e1s joven de la historia en debutar con el Bar\u00e7a en LaLiga<\/strong><span class=\"desc\">29\/04\/2023 \u2014 15 a\u00f1os y 290 d\u00edas (vs Betis 4\u20130). Entr\u00f3 en el minuto 83 sustituyendo a Gavi.<\/span><a class=\"ver-link\" href=\"https:\/\/www.fcbarcelonanoticias.com\/es\/categoria.php%3FIDC=498.html\" data-link-type=\"internal\">VER<\/a><\/div>\n<\/div>\n<\/article>\n<p><!-- Champions --><\/p>\n<article id=\"rec-ucl\" class=\"fcbn-accrow\"><button class=\"fcbn-acc-btn fcbn-focusable\" type=\"button\" aria-controls=\"rec-ucl-box\" aria-expanded=\"false\"><span class=\"fcbn-rowheader\"><span class=\"fcbn-badge\">Champions League<\/span><span class=\"fcbn-fixture\">Registros europeos<\/span><\/span> <span class=\"icon\" aria-hidden=\"true\">\u203a<\/span><\/button><\/p>\n<div id=\"rec-ucl-box\" class=\"fcbn-subrows\" role=\"region\" aria-label=\"R\u00e9cords Champions\">\n<div class=\"fcbn-row\"><strong>Jugador menor de 19 a\u00f1os con m\u00e1s partidos en Champions<\/strong><span class=\"desc\">01\/10\/2025 \u2014 18 a\u00f1os y 80 d\u00edas (vs PSG 1\u20132). Superando a Warren Za\u00efre-Emery.<\/span><a class=\"ver-link\" href=\"https:\/\/www.fcbarcelonanoticias.com\/fc-barcelona\/llamine-yamal-record-champions-24-partidos_314910_102.html\" data-link-type=\"internal\">VER<\/a><\/div>\n<div id=\"rec-ucl-box\" class=\"fcbn-subrows\" role=\"region\" aria-label=\"R\u00e9cords Champions\">\n<div class=\"fcbn-row\"><strong>Jugador m\u00e1s joven en debutar con el Bar\u00e7a en la Champions<\/strong><span class=\"desc\">19\/09\/2023 \u2014 16 a\u00f1os y 68 d\u00edas (vs Amberes 5\u20130). Super\u00f3 la marca de Ansu Fati.<\/span><a class=\"ver-link\" href=\"https:\/\/www.fcbarcelonanoticias.com\/champions-league\/otro-record-lamine-yamal-supera-ansu-fati-como-cule-mas-joven-en-champions_296309_102.html\" data-link-type=\"internal\">VER<\/a><\/div>\n<\/div>\n<\/div>\n<\/article>\n<p><!-- Copa --><\/p>\n<article id=\"rec-copa\" class=\"fcbn-accrow\"><button class=\"fcbn-acc-btn fcbn-focusable\" type=\"button\" aria-controls=\"rec-copa-box\" aria-expanded=\"false\"><span class=\"fcbn-rowheader\"><span class=\"fcbn-badge\">Copa del Rey<\/span><span class=\"fcbn-fixture\">Hitos en el torneo<\/span><\/span> <span class=\"icon\" aria-hidden=\"true\">\u203a<\/span><\/button><\/p>\n<div id=\"rec-copa-box\" class=\"fcbn-subrows\" role=\"region\" aria-label=\"R\u00e9cords Copa del Rey\">\n<div class=\"fcbn-row\"><strong>Goleador m\u00e1s joven de la Copa en el siglo XXI<\/strong><span class=\"desc\">24\/01\/2024 \u2014 16 a\u00f1os y 195 d\u00edas (vs Athletic Club 4\u20132). Marc\u00f3 en San Mam\u00e9s.<\/span><a class=\"ver-link\" href=\"https:\/\/www.fcbarcelonanoticias.com\/es\/categoria.php%3FIDC=498.html\" data-link-type=\"internal\">VER<\/a><\/div>\n<\/div>\n<\/article>\n<p><!-- Supercopa --><\/p>\n<article id=\"rec-supercopa\" class=\"fcbn-accrow\"><button class=\"fcbn-acc-btn fcbn-focusable\" type=\"button\" aria-controls=\"rec-super-box\" aria-expanded=\"false\"><span class=\"fcbn-rowheader\"><span class=\"fcbn-badge\">Supercopa<\/span><span class=\"fcbn-fixture\">Momentos clave<\/span><\/span> <span class=\"icon\" aria-hidden=\"true\">\u203a<\/span><\/button><\/p>\n<div id=\"rec-super-box\" class=\"fcbn-subrows\" role=\"region\" aria-label=\"R\u00e9cords Supercopa\">\n<div class=\"fcbn-row\"><strong>R\u00e9cord 1<\/strong><span class=\"desc\">Descripci\u00f3n breve.<\/span><a class=\"ver-link\" href=\"https:\/\/www.fcbarcelonanoticias.com\/es\/categoria.php%3FIDC=498.html\" data-link-type=\"internal\">VER<\/a><\/div>\n<\/div>\n<\/article>\n<p><!-- Eurocopa --><\/p>\n<article id=\"rec-euro\" class=\"fcbn-accrow\"><button class=\"fcbn-acc-btn fcbn-focusable\" type=\"button\" aria-controls=\"rec-euro-box\" aria-expanded=\"false\"><span class=\"fcbn-rowheader\"><span class=\"fcbn-badge\">Selecci\u00f3n Espa\u00f1ola<\/span><span class=\"fcbn-fixture\">R\u00e9cords internacionales<\/span><\/span> <span class=\"icon\" aria-hidden=\"true\">\u203a<\/span><\/button><\/p>\n<div id=\"rec-euro-box\" class=\"fcbn-subrows\" role=\"region\" aria-label=\"R\u00e9cords Eurocopa\">\n<div class=\"fcbn-row\"><strong>Debutante y goleador m\u00e1s joven con Espa\u00f1a<\/strong><span class=\"desc\">19\/11\/2023 \u2014 16 a\u00f1os y 57 d\u00edas (vs Georgia 3\u20131). Dos hitos hist\u00f3ricos en su debut..<\/span><a class=\"ver-link\" href=\"https:\/\/youtu.be\/__LiQPyO1ek?si=85M-ZRCEQjqUhdNc\" data-link-type=\"internal\">VER<\/a><\/div>\n<\/div>\n<\/article>\n<p><!-- Nations League --><\/p>\n<article id=\"rec-nations\" class=\"fcbn-accrow\"><button class=\"fcbn-acc-btn fcbn-focusable\" type=\"button\" aria-controls=\"rec-nations-box\" aria-expanded=\"false\"><span class=\"fcbn-rowheader\"><span class=\"fcbn-badge\">Premios y Galardones<\/span><span class=\"fcbn-fixture\">Records individuales<\/span><\/span> <span class=\"icon\" aria-hidden=\"true\">\u203a<\/span><\/button><\/p>\n<div id=\"rec-nations-box\" class=\"fcbn-subrows\" role=\"region\" aria-label=\"R\u00e9cords Nations League\">\n<div class=\"fcbn-row\"><strong>Primer y \u00fanico jugador en ganar 2 Premios Kopa<\/strong><span class=\"desc\">22\/09\/2025 &#8211; (18 a\u00f1os y 70 d\u00edas). En la gala del Bal\u00f3n de Oro 2025 Lamine Yamal se convirti\u00f3 en el primer jugador de la historia en ganar dos premios Kopa, y adem\u00e1s consecutivos<\/span><a class=\"ver-link\" href=\"https:\/\/www.fcbarcelonanoticias.com\/balon-de-oro\/lamine-yamal-primer-futbolista-gana-dos-premios-kopa-y-consecutivos_314796_102.html\" data-link-type=\"internal\">VER<\/a><\/div>\n<\/div>\n<\/article>\n<\/div>\n<\/section>\n<p><!-- ===== ACORDE\u00d3N: PALMAR\u00c9S ===== --><\/p>\n<section id=\"palmares\" class=\"fcbn-card\" aria-labelledby=\"palmares-h3\">\n<h2 id=\"palmares-h3\">Palmar\u00e9s de Lamine Yamal<\/h2>\n<div class=\"fcbn-acc\">\n<article id=\"pal-club\" class=\"fcbn-accrow\"><button class=\"fcbn-acc-btn fcbn-focusable\" type=\"button\" aria-controls=\"pal-club-box\" aria-expanded=\"false\"><span class=\"fcbn-rowheader\"><span class=\"fcbn-badge\">F\u00fatbol Club Barcelona<\/span><span class=\"fcbn-fixture\">T\u00edtulos con el club<\/span><\/span> <span class=\"icon\" aria-hidden=\"true\">\u203a<\/span><\/button><\/p>\n<div id=\"pal-club-box\" class=\"fcbn-subrows\" role=\"region\" aria-label=\"Palmar\u00e9s con el club\">\n<div class=\"fcbn-row\"><strong>LaLiga<\/strong><span class=\"desc\">2022\/23, 2024\/25<\/span><a class=\"ver-link\" href=\"https:\/\/www.fcbarcelonanoticias.com\/es\/categoria.php%3FIDC=498.html\" data-link-type=\"internal\">VER<\/a><\/div>\n<div class=\"fcbn-row\"><strong>Copa del Rey<\/strong><span class=\"desc\">2024\/25<\/span><a class=\"ver-link\" href=\"https:\/\/www.fcbarcelonanoticias.com\/es\/categoria.php%3FIDC=498.html\" data-link-type=\"internal\">VER<\/a><\/div>\n<div class=\"fcbn-row\"><strong>Supercopa de Espa\u00f1a<\/strong><span class=\"desc\">2025<\/span><a class=\"ver-link\" href=\"https:\/\/www.fcbarcelonanoticias.com\/es\/categoria.php%3FIDC=498.html\" data-link-type=\"internal\">VER<\/a><\/div>\n<\/div>\n<\/article>\n<article id=\"pal-seleccion\" class=\"fcbn-accrow\"><button class=\"fcbn-acc-btn fcbn-focusable\" type=\"button\" aria-controls=\"pal-seleccion-box\" aria-expanded=\"false\"><span class=\"fcbn-rowheader\"><span class=\"fcbn-badge\">Selecci\u00f3n de Espa\u00f1a<\/span><span class=\"fcbn-fixture\">T\u00edtulos internacionales<\/span><\/span> <span class=\"icon\" aria-hidden=\"true\">\u203a<\/span><\/button><\/p>\n<div id=\"pal-seleccion-box\" class=\"fcbn-subrows\" role=\"region\" aria-label=\"Palmar\u00e9s con selecci\u00f3n\">\n<div class=\"fcbn-row\"><strong>Eurocopa<\/strong><span class=\"desc\">2024<\/span><a class=\"ver-link\" href=\"https:\/\/www.fcbarcelonanoticias.com\/es\/categoria.php%3FIDC=498.html\" data-link-type=\"internal\">VER<\/a><\/div>\n<\/div>\n<\/article>\n<\/div>\n<\/section>\n<p><!-- ===== ACORDE\u00d3N: PREMIOS ===== --><\/p>\n<section id=\"premios\" class=\"fcbn-card\" aria-labelledby=\"premios-h3\">\n<h2 id=\"premios-h3\">Premios de Lamine Yamal<\/h2>\n<div class=\"fcbn-acc\">\n<article id=\"awards-1\" class=\"fcbn-accrow\"><button class=\"fcbn-acc-btn fcbn-focusable\" type=\"button\" aria-controls=\"awards-1-box\" aria-expanded=\"false\"><span class=\"fcbn-rowheader\"><span class=\"fcbn-badge\">Premios individuales<\/span><span class=\"fcbn-fixture\">Reconocimientos<\/span><\/span> <span class=\"icon\" aria-hidden=\"true\">\u203a<\/span><\/button><\/p>\n<div id=\"awards-1-box\" class=\"fcbn-subrows\" role=\"region\" aria-label=\"Premios individuales\">\n<div class=\"fcbn-row\"><strong>Premio Kopa 2025<\/strong><span class=\"desc\">22\/09\/2025 \u2014 Galard\u00f3n al mejor jugador joven del mundo de la temporada.<\/span><a class=\"ver-link\" href=\"https:\/\/www.fcbarcelonanoticias.com\/balon-de-oro\/lamine-yamal-gana-trofeo-kopa-2025-primer-jugador-revalida-premio_314792_102.html\" data-link-type=\"internal\">VER<\/a><\/div>\n<div class=\"fcbn-row\"><strong>Premio al mejor jugador joven de LaLiga 24\/25<\/strong><span class=\"desc\">05\/06\/2025 \u2014 MVP al mejor jugador sub-23 de LaLiga EA Sports 2024\/25.<\/span><a class=\"ver-link\" href=\"https:\/\/www.fcbarcelonanoticias.com\/futbol\/laliga\/lamine-yamal-mejor-sub23-laliga-2024-25_312955_102.html\" data-link-type=\"internal\">VER<\/a><\/div>\n<div class=\"fcbn-row\"><strong>CIES: Jugador m\u00e1s valioso del mundo<\/strong><span class=\"desc\">04\/06\/2025 &#8211; Reconocimiento al jugador de f\u00fatbol m\u00e1s valiosos del mundo 2025.<\/span><a class=\"ver-link\" href=\"https:\/\/www.fcbarcelonanoticias.com\/futbol\/lamine-yamal-lidera-ranking-cies-como-jugador-mas-valioso-mundo_312933_102.html\" data-link-type=\"internal\">VER<\/a><\/div>\n<div class=\"fcbn-row\"><strong>Premio al mejor jugador del f\u00fatbol europeo 24\/25<\/strong><span class=\"desc\">02\/06\/2025 &#8211; Reconocimiento al mejor jugador del f\u00fatbol europeo en la temporada 2024\/25 por la revista Kicker.<\/span><a class=\"ver-link\" href=\"https:\/\/www.fcbarcelonanoticias.com\/fc-barcelona\/lamine-yamal-hansi-flick-premiados-en-alemania-por-su-gran-temporada_312901_102.html\" data-link-type=\"internal\">VER<\/a><\/div>\n<div class=\"fcbn-row\"><strong>Premio al mejor gol de la Champions 24\/25<\/strong><span class=\"desc\">02\/06\/2025 &#8211; Reconocimiento al mejor golazo de la UEFA Champions League 2024\/25.<\/span><a class=\"ver-link\" href=\"https:\/\/www.fcbarcelonanoticias.com\/champions-league\/gol-lamine-yamal-mejor-champions-2025_312893_102.html\" data-link-type=\"internal\">VER<\/a><\/div>\n<div class=\"fcbn-row\"><strong>Premio Equipo del torneo de la Champions 24\/25<\/strong><span class=\"desc\">02\/06\/2025 &#8211; Reconocimiento formando parte del mejor XI de la UEFA Champions League 2024\/25.<\/span><a class=\"ver-link\" href=\"https:\/\/www.fcbarcelonanoticias.com\/champions-league\/lamine-yamal-raphinha-once-ideal-champions-2024-25_312892_102.html\" data-link-type=\"internal\">VER<\/a><\/div>\n<div class=\"fcbn-row\"><strong>Golden Boy 2024<\/strong><span class=\"desc\">Reconocimiento al mejor jugador joven del mundo de la temporada.<\/span><a class=\"ver-link\" href=\"https:\/\/www.fcbarcelonanoticias.com\/es\/categoria.php%3FIDC=498.html\" data-link-type=\"internal\">VER<\/a><\/div>\n<div class=\"fcbn-row\"><strong>Premio Kopa 2024<\/strong><span class=\"desc\">Reconocimiento al mejor jugador joven del mundo de la temporada.<\/span><a class=\"ver-link\" href=\"https:\/\/www.fcbarcelonanoticias.com\/es\/categoria.php%3FIDC=498.html\" data-link-type=\"internal\">VER<\/a><\/div>\n<div class=\"fcbn-row\"><strong>Premio al mejor jugador joven de la Eurocopa 2024<\/strong><span class=\"desc\">Reconocimiento al mejor jugador joven de la Eurocopa de f\u00fatbol 2024.<\/span><a class=\"ver-link\" href=\"https:\/\/www.fcbarcelonanoticias.com\/es\/categoria.php%3FIDC=498.html\" data-link-type=\"internal\">VER<\/a><\/div>\n<div class=\"fcbn-row\"><strong>Premio al mejor gol de la Eurocopa 2024<\/strong><span class=\"desc\">Reconocimiento al mejor golazo de la Eurocopa de f\u00fatbol 2024.<\/span><a class=\"ver-link\" href=\"https:\/\/www.fcbarcelonanoticias.com\/es\/categoria.php%3FIDC=498.html\" data-link-type=\"internal\">VER<\/a><\/div>\n<div class=\"fcbn-row\"><strong>Premio al m\u00e1ximo asistente de la Eurocopa 2024<\/strong><span class=\"desc\">Reconocimiento al mejor asistente de la Eurocopa de f\u00fatbol 2024.<\/span><a class=\"ver-link\" href=\"https:\/\/www.fcbarcelonanoticias.com\/es\/categoria.php%3FIDC=498.html\" data-link-type=\"internal\">VER<\/a><\/div>\n<div class=\"fcbn-row\"><strong>Premio Equipo del torneo de la Eurocopa 2024<\/strong><span class=\"desc\">Reconocimiento formando parte del mejor XI de la Eurocopa de f\u00fatbol 2024.<\/span><a class=\"ver-link\" href=\"https:\/\/www.fcbarcelonanoticias.com\/es\/categoria.php%3FIDC=498.html\" data-link-type=\"internal\">VER<\/a><\/div>\n<div class=\"fcbn-row\"><strong>Premio al Mejor jugador sub-23 de LaLiga 2023-24<\/strong><span class=\"desc\">Reconocimiento al mejor jugador joven de la Liga Espa\u00f1ola de f\u00fatbol 2023\/24.<\/span><a class=\"ver-link\" href=\"https:\/\/www.fcbarcelonanoticias.com\/es\/categoria.php%3FIDC=498.html\" data-link-type=\"internal\">VER<\/a><\/div>\n<div class=\"fcbn-row\"><strong>Premio al Mejor jugador sub-23 del mes en LaLiga<\/strong><span class=\"desc\">Reconocimiento al mejor jugador joven del mes de la Liga Espa\u00f1ola de f\u00fatbol en Agosto 2023, Agosto 2024.<\/span><a class=\"ver-link\" href=\"https:\/\/www.fcbarcelonanoticias.com\/es\/categoria.php%3FIDC=498.html\" data-link-type=\"internal\">VER<\/a><\/div>\n<div class=\"fcbn-row\"><strong>Premio al Mejor jugador del mes en LaLiga<\/strong><span class=\"desc\">Reconocimiento al mejor jugador del mes de la Liga Espa\u00f1ola de f\u00fatbol en Septiembre 2024.<\/span><a class=\"ver-link\" href=\"https:\/\/www.fcbarcelonanoticias.com\/es\/categoria.php%3FIDC=498.html\" data-link-type=\"internal\">VER<\/a><\/div>\n<div class=\"fcbn-row\"><strong>Premio al Mejor gol del mes en LaLiga<\/strong><span class=\"desc\">Reconocimiento al mejor golazo del mes de la Liga Espa\u00f1ola de f\u00fatbol en Marzo 2024.<\/span><a class=\"ver-link\" href=\"https:\/\/www.fcbarcelonanoticias.com\/es\/categoria.php%3FIDC=498.html\" data-link-type=\"internal\">VER<\/a><\/div>\n<div class=\"fcbn-row\"><strong>Premio Tuttosport The Youngest<\/strong><span class=\"desc\">Reconocimiento al mejor jugador joven del mundo 2023.<\/span><a class=\"ver-link\" href=\"https:\/\/www.fcbarcelonanoticias.com\/es\/categoria.php%3FIDC=498.html\" data-link-type=\"internal\">VER<\/a><\/div>\n<div class=\"fcbn-row\"><strong>Premio Globe Soccer &#8211; Jugador emergente<\/strong><span class=\"desc\">Reconocimiento al jugador de f\u00fatbol con m\u00e1s proyecci\u00f3n del mundo 2024.<\/span><a class=\"ver-link\" href=\"https:\/\/www.fcbarcelonanoticias.com\/es\/categoria.php%3FIDC=498.html\" data-link-type=\"internal\">VER<\/a><\/div>\n<div class=\"fcbn-row\"><strong>Premio M\u00e1ximo goleador del Campeonato de Europa sub-17<\/strong><span class=\"desc\">Reconocimiento al m\u00e1ximo goleador del Campeonato de Europa de f\u00fatbol sub-17 2023.<\/span><a class=\"ver-link\" href=\"https:\/\/www.fcbarcelonanoticias.com\/es\/categoria.php%3FIDC=498.html\" data-link-type=\"internal\">VER<\/a><\/div>\n<div class=\"fcbn-row\"><strong>Premio Equipo del torneo del Campeonato de Europa sub-17<\/strong><span class=\"desc\">Reconocimiento formando parte del Mejor XI del Campeonato de Europa de f\u00fatbol sub-17 2023.<\/span><a class=\"ver-link\" href=\"https:\/\/www.fcbarcelonanoticias.com\/es\/categoria.php%3FIDC=498.html\" data-link-type=\"internal\">VER<\/a><\/div>\n<div class=\"fcbn-row\"><strong>Premio Equipo juvenil (sub-20) masculino de la IFFHS<\/strong><span class=\"desc\">Reconocimiento formando parte del Mejor XI sub-20 de f\u00fatbol masculino 2023.<\/span><a class=\"ver-link\" href=\"https:\/\/www.fcbarcelonanoticias.com\/es\/categoria.php%3FIDC=498.html\" data-link-type=\"internal\">VER<\/a><\/div>\n<p><!-- M\u00e1s filas: The Best, Kopa, etc. --><\/p>\n<\/div>\n<\/article>\n<\/div>\n<\/section>\n<p><!-- ===== ACORDE\u00d3N: PREMIOS ===== --><\/p>\n<section id=\"premios\" class=\"fcbn-card\" aria-labelledby=\"premios-h3\">\n<h2 id=\"premios-h3\">Hitos de Lamine Yamal<\/h2>\n<div class=\"fcbn-acc\">\n<article id=\"awards-1\" class=\"fcbn-accrow\"><button class=\"fcbn-acc-btn fcbn-focusable\" type=\"button\" aria-controls=\"awards-1-box\" aria-expanded=\"false\"><span class=\"fcbn-rowheader\"><span class=\"fcbn-badge\">Hitos carrera<\/span><span class=\"fcbn-fixture\">Datos hist\u00f3ricos<\/span><\/span> <span class=\"icon\" aria-hidden=\"true\">\u203a<\/span><\/button><\/p>\n<div id=\"awards-1-box\" class=\"fcbn-subrows\" role=\"region\" aria-label=\"Premios individuales\">\n<div class=\"fcbn-row\"><strong>Segundo en el Bal\u00f3n de Oro 2025<\/strong><span class=\"desc\">22\/09\/2025 \u2014 18 a\u00f1os y 70 d\u00edas. Lamine Yamal consigue el segundo puesto en la clasificaci\u00f3n final del Bal\u00f3n de Oro 2025.<\/span><a class=\"ver-link\" href=\"https:\/\/www.fcbarcelonanoticias.com\/balon-de-oro\/ousmane-dembele-supera-lamine-yamal-gana-su-primer-balon-oro_314799_102.html\" data-link-type=\"internal\">VER<\/a><\/div>\n<div class=\"fcbn-row\"><strong>Primer gol en la UEFA Champions League<\/strong><span class=\"desc\">19\/09\/2024 \u2014 17 a\u00f1os y 68 d\u00edas (vs. M\u00f3naco 1-2) Lamine marca su primer gol en la m\u00e1xima competici\u00f3n europea de clubes.<\/span><a class=\"ver-link\" href=\"https:\/\/www.fcbarcelonanoticias.com\/champions-league\/lamine-yamal-marca-primer-gol-champions-league_307374_102.html\" data-link-type=\"internal\">VER<\/a><\/div>\n<div class=\"fcbn-row\"><strong>Segundo goleador m\u00e1s joven de la historia de la Champions<\/strong><span class=\"desc\">19\/09\/2024 \u2014 17 a\u00f1os y 68 d\u00edas (vs. M\u00f3naco 1-2) Lamine se convierte en el segundo jugador m\u00e1s joven de la historia en anotar en Champions.\u00a0El r\u00e9cord est\u00e1 en manos de Ansu Fati (17 a\u00f1os y 40 d\u00edas en 2019, ante el Inter).<\/span><a class=\"ver-link\" href=\"https:\/\/www.fcbarcelonanoticias.com\/champions-league\/ansu-fati-lamine-yamal-2-goleadores-mas-jovenes-historia-champions-son-barca_307375_102.html\" data-link-type=\"internal\">VER<\/a><\/div>\n<p><!-- M\u00e1s filas: The Best, Kopa, etc. --><\/p>\n<\/div>\n<\/article>\n<\/div>\n<\/section>\n<p><!-- ===== BIOGRAF\u00cdA ===== --><\/p>\n<section class=\"fcbn-card fcbn-seo\" aria-labelledby=\"bio-h3\">\n<h2 id=\"bio-h3\">Biograf\u00eda de Lamine Yamal<\/h2>\n<p><strong>Lamine Yamal<\/strong> es una de las irrupciones m\u00e1s determinantes de Europa. Formado en La Masia, destaca por su regate corto, visi\u00f3n en el \u00faltimo tercio y un golpeo preciso que le permite producir como asistente y finalizador.<\/p>\n<p>Diestro en la toma de decisiones y zurdo en la definici\u00f3n, su entendimiento del modelo del <strong>F\u00fatbol Club Barcelona<\/strong> le convierte en pieza clave en LaLiga y la UEFA Champions League.<\/p>\n<\/section>\n<p><!-- ===== IMAGEN DESTACADA ===== --><\/p>\n<figure class=\"fcbn-media\" aria-label=\"Imagen destacada\"><img loading=\"lazy\" decoding=\"async\" src=\"https:\/\/www.fcbarcelonanoticias.com\/wp-content\/uploads\/2026\/03\/lamine-yamal-estreno-10_4_641x361-1.webp\" alt=\"Lamine Yamal 2025\/26: la estrella del FC Barcelona en acci\u00f3n\" width=\"1200\" height=\"675\" \/><figcaption class=\"sr-only\">Imagen destacada de Lamine Yamal<\/figcaption><\/figure>\n<p><!-- ===== PERFIL ===== --><\/p>\n<section id=\"perfil\" class=\"fcbn-profile\" aria-labelledby=\"perfil-h3\">\n<h2 id=\"perfil-h2\" style=\"margin: 0 0 12px 0; font-size: clamp(20px,4.6vw,30px); font-weight: 900; color: var(--barca-gold); text-shadow: 0 1px 0 rgba(0,0,0,.35);\">Perfil de Lamine Yamal<\/h2>\n<div class=\"fcbn-dl\">\n<div class=\"fcbn-dl__row\">\n<div class=\"fcbn-dl__dt\">Nombre completo:<\/div>\n<div class=\"fcbn-dl__dd\">Lamine Yamal Nasraoui Ebana<\/div>\n<\/div>\n<div class=\"fcbn-dl__row\">\n<div class=\"fcbn-dl__dt\">Fecha de nacimiento:<\/div>\n<div class=\"fcbn-dl__dd\">13 de julio de 2007, 18 a\u00f1os<\/div>\n<\/div>\n<div class=\"fcbn-dl__row\">\n<div class=\"fcbn-dl__dt\">Lugar de nacimiento:<\/div>\n<div class=\"fcbn-dl__dd\">Esplugues de Llobregat; (Barcelona), Espa\u00f1a<\/div>\n<\/div>\n<div class=\"fcbn-dl__row\">\n<div class=\"fcbn-dl__dt\">Nacionalidad:<\/div>\n<div class=\"fcbn-dl__dd\">Espa\u00f1a &#8211; Guinea Ecuatorial<\/div>\n<\/div>\n<div class=\"fcbn-dl__row\">\n<div class=\"fcbn-dl__dt\">Altura:<\/div>\n<div class=\"fcbn-dl__dd\">1,80 m<\/div>\n<\/div>\n<div class=\"fcbn-dl__row\">\n<div class=\"fcbn-dl__dt\">Peso:<\/div>\n<div class=\"fcbn-dl__dd\">70 kg<\/div>\n<\/div>\n<div class=\"fcbn-dl__row\">\n<div class=\"fcbn-dl__dt\">Posici\u00f3n:<\/div>\n<div class=\"fcbn-dl__dd\">Delantero &#8211; Extremo derecho<\/div>\n<\/div>\n<div class=\"fcbn-dl__row\">\n<div class=\"fcbn-dl__dt\">Dorsal:<\/div>\n<div class=\"fcbn-dl__dd\">10<\/div>\n<\/div>\n<div class=\"fcbn-dl__row\">\n<div class=\"fcbn-dl__dt\">Pie dominante:<\/div>\n<div class=\"fcbn-dl__dd\">Izquierdo<\/div>\n<\/div>\n<div class=\"fcbn-dl__row\">\n<div class=\"fcbn-dl__dt\">Debut con el primer equipo:<\/div>\n<div class=\"fcbn-dl__dd\">29-04-2023<\/div>\n<\/div>\n<div class=\"fcbn-dl__row\">\n<div class=\"fcbn-dl__dt\">Fichado:<\/div>\n<div class=\"fcbn-dl__dd\">01-07-2023<\/div>\n<\/div>\n<div class=\"fcbn-dl__row\">\n<div class=\"fcbn-dl__dt\">\u00daltima renovaci\u00f3n:<\/div>\n<div class=\"fcbn-dl__dd\">27-05-2025<\/div>\n<\/div>\n<div class=\"fcbn-dl__row\">\n<div class=\"fcbn-dl__dt\">Contrato hasta<\/div>\n<div class=\"fcbn-dl__dd\">30-06-2031<\/div>\n<\/div>\n<div class=\"fcbn-dl__row\">\n<div class=\"fcbn-dl__dt\">Cl\u00e1usula de rescisi\u00f3n<\/div>\n<div class=\"fcbn-dl__dd\">1.000 M\u20ac<\/div>\n<\/div>\n<div class=\"fcbn-dl__row\">\n<div class=\"fcbn-dl__dt\">Patrocinador:<\/div>\n<div class=\"fcbn-dl__dd\">Adidas<\/div>\n<\/div>\n<div class=\"fcbn-dl__row\">\n<div class=\"fcbn-dl__dt\">Instagram:<\/div>\n<div class=\"fcbn-dl__dd\"><a href=\"https:\/\/instagram.com\/lamineyamal\" data-link-type=\"external\">lamineyamal<\/a><\/div>\n<\/div>\n<div class=\"fcbn-dl__row\">\n<div class=\"fcbn-dl__dt\">TikTok:<\/div>\n<div class=\"fcbn-dl__dd\"><a href=\"https:\/\/tiktok.com\/@lamine.yamal\" data-link-type=\"external\">@lamine.yamal<\/a><\/div>\n<\/div>\n<div class=\"fcbn-dl__row\">\n<div class=\"fcbn-dl__dt\">Valor de mercado<\/div>\n<div class=\"fcbn-dl__dd\">200 M\u20ac<\/div>\n<\/div>\n<\/div>\n<\/section>\n<p><!-- ===== RECOMENDADOS ===== --><\/p>\n<section id=\"recomendados\" class=\"fcbn-card fcbn-recos\" aria-labelledby=\"recos-h3\">\n<h2 id=\"recos-h3\">Te puede interesar<\/h2>\n<div class=\"fcbn-carousel fcbn-focusable\" role=\"region\" aria-label=\"Contenidos recomendados\">\n<div id=\"track-recos-jugador\" class=\"fcbn-track fcbn-track--news\" tabindex=\"0\">\n<div class=\"fcbn-cardthumb\"><a class=\"fcbn-cardlink\" href=\"https:\/\/www.fcbarcelonanoticias.com\/jugador\/lamine-yamal.html\" data-link-type=\"internal\"><img loading=\"lazy\" decoding=\"async\" src=\"https:\/\/www.fcbarcelonanoticias.com\/wp-content\/uploads\/2026\/03\/lamine-yamal-en-la-botiga-del-fc-barcelona-con-las-camisetas-con-su-dorsal-10-en-el-fondo_4_641x361-2.jpeg\" alt=\"\u00daltima hora, actualidad y noticias destacadas de Lamine Yamal\" width=\"1200\" height=\"675\" \/><\/a><\/div>\n<div class=\"fcbn-cardthumb\"><a class=\"fcbn-cardlink\" href=\"https:\/\/www.fcbarcelonanoticias.com\/futbol\/lamine-yamal-jugador-mas-valioso-mundo-en-2025_312997_102.html\" data-link-type=\"internal\"><img loading=\"lazy\" decoding=\"async\" src=\"https:\/\/www.fcbarcelonanoticias.com\/wp-content\/uploads\/2026\/03\/jugadores-mas-valios-del-futbol-1.jpeg\" alt=\"Lamine Yamal: el jugador de f\u00fatbol m\u00e1s valioso del mundo\" width=\"1200\" height=\"675\" \/><\/a><\/div>\n<div class=\"fcbn-cardthumb\"><a class=\"fcbn-cardlink\" href=\"https:\/\/www.fcbarcelonanoticias.com\/futbol\/lamine-yamal-rey-redes-sociales-futbol-mundial_313591_102.html\" data-link-type=\"internal\"><img loading=\"lazy\" decoding=\"async\" src=\"https:\/\/www.fcbarcelonanoticias.com\/wp-content\/uploads\/2026\/03\/lamine-yamal-barcelona-redes-sociales_4_641x361-2.jpeg\" alt=\"Lamine Yamal: el Rey de las Redes Sociales del F\u00fatbol Mundial\" width=\"1200\" height=\"675\" \/><\/a><\/div>\n<div class=\"fcbn-cardthumb\"><a class=\"fcbn-cardlink\" href=\"https:\/\/www.fcbarcelonanoticias.com\/fc-barcelona\/lamine-yamal-su-xi-ideal-historico-barca-quien-falta_313501_102.html\" data-link-type=\"internal\"><img loading=\"lazy\" decoding=\"async\" src=\"https:\/\/www.fcbarcelonanoticias.com\/wp-content\/uploads\/2026\/03\/lamine-yamal-xi-historico-barca_4_641x361-2.webp\" alt=\"Lamine Yamal y su XI ideal hist\u00f3rico del FC Barcelona\" width=\"1200\" height=\"675\" \/><\/a><\/div>\n<\/div>\n<div class=\"fcbn-nav\"><button class=\"fcbn-btn\" aria-label=\"Anterior\" data-dir=\"-1\" data-target=\"#track-recos-jugador\">\u2039<\/button><button class=\"fcbn-btn\" aria-label=\"Siguiente\" data-dir=\"1\" data-target=\"#track-recos-jugador\">\u203a<\/button><\/div>\n<\/div>\n<\/section>\n<\/div>\n<p><!-- \/grid --><\/p>\n<\/div>\n<p><!-- \/wrap --><!-- Hooks JSON-LD (a\u00f1adir si corresponde) --><!-- <script type=\"application\/ld+json\">{ ... Player\/Person ... }<\/script> --><\/p>\n<\/section>\n<p><!-- ========== FIN \u2022 JUGADOR DEMO ACTUALIZADO ========== --><\/p>\n<\/div>\n<\/div>\n<\/div>\n<\/div>\n","protected":false},"excerpt":{"rendered":"<p>LAMINE YAMAL Datos, estad\u00edsticas y r\u00e9cords del &#8217;10&#8217; del Bar\u00e7a PARTIDOS11 (117)TEMPORADA 2025\/26 (TOTAL) GOLES6 (31)TEMPORADA 2025\/26 (TOTAL) ASISTENCIAS5 (39)TEMPORADA 2025\/26 (TOTAL) Estad\u00edsticas de Lamine Yamal PARTIDOS 2025\/26 (TOTAL) Liga8 (81) Copa0 (6) Champions3 (26) Supercopa0 (4) Total11 (117) GOLES 2025\/26 (TOTAL) Liga4 (18) Copa0 (3) Champions2 (7) Supercopa0 (3) Total6 (31) ASISTENCIAS 2025\/26 (TOTAL) [&hellip;]<\/p>\n","protected":false},"author":1,"featured_media":0,"parent":0,"menu_order":0,"comment_status":"open","ping_status":"open","template":"","meta":{"_acf_changed":false,"inline_featured_image":false,"_nextfly_llmd_date_locked":false,"footnotes":""},"class_list":["post-59380","page","type-page","status-publish","hentry"],"acf":[],"yoast_head":"<!-- This site is optimized with the Yoast SEO plugin v27.3 - https:\/\/yoast.com\/product\/yoast-seo-wordpress\/ -->\n<title>Lamine Yamal - FC Barcelona player Data Center<\/title>\n<meta name=\"description\" content=\"Lamine Yamal Home Page: goals, assists, matches and all the records and statistics of the FC Barcelona forward. Featured news, videos and photos.\" \/>\n<meta name=\"robots\" content=\"index, follow, max-snippet:-1, max-image-preview:large, max-video-preview:-1\" \/>\n<link rel=\"canonical\" href=\"https:\/\/www.fcbarcelonanoticias.com\/en\/lamine-yamal-fc-barcelona-player.html\" \/>\n<meta property=\"og:locale\" content=\"en_US\" \/>\n<meta property=\"og:type\" content=\"article\" \/>\n<meta property=\"og:title\" content=\"Lamine Yamal - FC Barcelona player Data Center\" \/>\n<meta property=\"og:description\" content=\"Lamine Yamal Home Page: goals, assists, matches and all the records and statistics of the FC Barcelona forward. Featured news, videos and photos.\" \/>\n<meta property=\"og:url\" content=\"https:\/\/www.fcbarcelonanoticias.com\/en\/lamine-yamal-fc-barcelona-player.html\" \/>\n<meta property=\"og:site_name\" content=\"EN - FC Barcelona Noticias\" \/>\n<meta property=\"article:modified_time\" content=\"2026-03-30T12:04:26+00:00\" \/>\n<meta property=\"og:image\" content=\"https:\/\/www.fcbarcelonanoticias.com\/wp-content\/uploads\/2026\/03\/jugadores-nominados-premio-the-best-2025_4_641x361-1.webp\" \/>\n<meta name=\"twitter:card\" content=\"summary_large_image\" \/>\n<meta name=\"twitter:label1\" content=\"Est. reading time\" \/>\n\t<meta name=\"twitter:data1\" content=\"8 minutes\" \/>\n<script type=\"application\/ld+json\" class=\"yoast-schema-graph\">{\"@context\":\"https:\\\/\\\/schema.org\",\"@graph\":[{\"@type\":\"WebPage\",\"@id\":\"https:\\\/\\\/www.fcbarcelonanoticias.com\\\/en\\\/lamine-yamal-fc-barcelona-player.html\",\"url\":\"https:\\\/\\\/www.fcbarcelonanoticias.com\\\/en\\\/lamine-yamal-fc-barcelona-player.html\",\"name\":\"Lamine Yamal - FC Barcelona player Data Center\",\"isPartOf\":{\"@id\":\"https:\\\/\\\/www.fcbarcelonanoticias.com\\\/en\\\/#website\"},\"primaryImageOfPage\":{\"@id\":\"https:\\\/\\\/www.fcbarcelonanoticias.com\\\/en\\\/lamine-yamal-fc-barcelona-player.html#primaryimage\"},\"image\":{\"@id\":\"https:\\\/\\\/www.fcbarcelonanoticias.com\\\/en\\\/lamine-yamal-fc-barcelona-player.html#primaryimage\"},\"thumbnailUrl\":\"https:\\\/\\\/www.fcbarcelonanoticias.com\\\/wp-content\\\/uploads\\\/2026\\\/03\\\/jugadores-nominados-premio-the-best-2025_4_641x361-1.webp\",\"datePublished\":\"2026-03-23T09:53:26+00:00\",\"dateModified\":\"2026-03-30T12:04:26+00:00\",\"description\":\"Lamine Yamal Home Page: goals, assists, matches and all the records and statistics of the FC Barcelona forward. Featured news, videos and photos.\",\"breadcrumb\":{\"@id\":\"https:\\\/\\\/www.fcbarcelonanoticias.com\\\/en\\\/lamine-yamal-fc-barcelona-player.html#breadcrumb\"},\"inLanguage\":\"en-US\",\"potentialAction\":[{\"@type\":\"ReadAction\",\"target\":[\"https:\\\/\\\/www.fcbarcelonanoticias.com\\\/en\\\/lamine-yamal-fc-barcelona-player.html\"]}]},{\"@type\":\"ImageObject\",\"inLanguage\":\"en-US\",\"@id\":\"https:\\\/\\\/www.fcbarcelonanoticias.com\\\/en\\\/lamine-yamal-fc-barcelona-player.html#primaryimage\",\"url\":\"https:\\\/\\\/www.fcbarcelonanoticias.com\\\/wp-content\\\/uploads\\\/2026\\\/03\\\/jugadores-nominados-premio-the-best-2025_4_641x361-1.webp\",\"contentUrl\":\"https:\\\/\\\/www.fcbarcelonanoticias.com\\\/wp-content\\\/uploads\\\/2026\\\/03\\\/jugadores-nominados-premio-the-best-2025_4_641x361-1.webp\"},{\"@type\":\"BreadcrumbList\",\"@id\":\"https:\\\/\\\/www.fcbarcelonanoticias.com\\\/en\\\/lamine-yamal-fc-barcelona-player.html#breadcrumb\",\"itemListElement\":[{\"@type\":\"ListItem\",\"position\":1,\"name\":\"Portada\",\"item\":\"https:\\\/\\\/www.fcbarcelonanoticias.com\\\/en\\\/\"},{\"@type\":\"ListItem\",\"position\":2,\"name\":\"LAMINE YAMAL\"}]},{\"@type\":\"WebSite\",\"@id\":\"https:\\\/\\\/www.fcbarcelonanoticias.com\\\/en\\\/#website\",\"url\":\"https:\\\/\\\/www.fcbarcelonanoticias.com\\\/en\\\/\",\"name\":\"EN - FC Barcelona Noticias\",\"description\":\"\",\"potentialAction\":[{\"@type\":\"SearchAction\",\"target\":{\"@type\":\"EntryPoint\",\"urlTemplate\":\"https:\\\/\\\/www.fcbarcelonanoticias.com\\\/en\\\/?s={search_term_string}\"},\"query-input\":{\"@type\":\"PropertyValueSpecification\",\"valueRequired\":true,\"valueName\":\"search_term_string\"}}],\"inLanguage\":\"en-US\"}]}<\/script>\n<!-- \/ Yoast SEO plugin. -->","yoast_head_json":{"title":"Lamine Yamal - FC Barcelona player Data Center","description":"Lamine Yamal Home Page: goals, assists, matches and all the records and statistics of the FC Barcelona forward. Featured news, videos and photos.","robots":{"index":"index","follow":"follow","max-snippet":"max-snippet:-1","max-image-preview":"max-image-preview:large","max-video-preview":"max-video-preview:-1"},"canonical":"https:\/\/www.fcbarcelonanoticias.com\/en\/lamine-yamal-fc-barcelona-player.html","og_locale":"en_US","og_type":"article","og_title":"Lamine Yamal - FC Barcelona player Data Center","og_description":"Lamine Yamal Home Page: goals, assists, matches and all the records and statistics of the FC Barcelona forward. Featured news, videos and photos.","og_url":"https:\/\/www.fcbarcelonanoticias.com\/en\/lamine-yamal-fc-barcelona-player.html","og_site_name":"EN - FC Barcelona Noticias","article_modified_time":"2026-03-30T12:04:26+00:00","og_image":[{"url":"https:\/\/www.fcbarcelonanoticias.com\/wp-content\/uploads\/2026\/03\/jugadores-nominados-premio-the-best-2025_4_641x361-1.webp","type":"","width":"","height":""}],"twitter_card":"summary_large_image","twitter_misc":{"Est. reading time":"8 minutes"},"schema":{"@context":"https:\/\/schema.org","@graph":[{"@type":"WebPage","@id":"https:\/\/www.fcbarcelonanoticias.com\/en\/lamine-yamal-fc-barcelona-player.html","url":"https:\/\/www.fcbarcelonanoticias.com\/en\/lamine-yamal-fc-barcelona-player.html","name":"Lamine Yamal - FC Barcelona player Data Center","isPartOf":{"@id":"https:\/\/www.fcbarcelonanoticias.com\/en\/#website"},"primaryImageOfPage":{"@id":"https:\/\/www.fcbarcelonanoticias.com\/en\/lamine-yamal-fc-barcelona-player.html#primaryimage"},"image":{"@id":"https:\/\/www.fcbarcelonanoticias.com\/en\/lamine-yamal-fc-barcelona-player.html#primaryimage"},"thumbnailUrl":"https:\/\/www.fcbarcelonanoticias.com\/wp-content\/uploads\/2026\/03\/jugadores-nominados-premio-the-best-2025_4_641x361-1.webp","datePublished":"2026-03-23T09:53:26+00:00","dateModified":"2026-03-30T12:04:26+00:00","description":"Lamine Yamal Home Page: goals, assists, matches and all the records and statistics of the FC Barcelona forward. Featured news, videos and photos.","breadcrumb":{"@id":"https:\/\/www.fcbarcelonanoticias.com\/en\/lamine-yamal-fc-barcelona-player.html#breadcrumb"},"inLanguage":"en-US","potentialAction":[{"@type":"ReadAction","target":["https:\/\/www.fcbarcelonanoticias.com\/en\/lamine-yamal-fc-barcelona-player.html"]}]},{"@type":"ImageObject","inLanguage":"en-US","@id":"https:\/\/www.fcbarcelonanoticias.com\/en\/lamine-yamal-fc-barcelona-player.html#primaryimage","url":"https:\/\/www.fcbarcelonanoticias.com\/wp-content\/uploads\/2026\/03\/jugadores-nominados-premio-the-best-2025_4_641x361-1.webp","contentUrl":"https:\/\/www.fcbarcelonanoticias.com\/wp-content\/uploads\/2026\/03\/jugadores-nominados-premio-the-best-2025_4_641x361-1.webp"},{"@type":"BreadcrumbList","@id":"https:\/\/www.fcbarcelonanoticias.com\/en\/lamine-yamal-fc-barcelona-player.html#breadcrumb","itemListElement":[{"@type":"ListItem","position":1,"name":"Portada","item":"https:\/\/www.fcbarcelonanoticias.com\/en\/"},{"@type":"ListItem","position":2,"name":"LAMINE YAMAL"}]},{"@type":"WebSite","@id":"https:\/\/www.fcbarcelonanoticias.com\/en\/#website","url":"https:\/\/www.fcbarcelonanoticias.com\/en\/","name":"EN - FC Barcelona Noticias","description":"","potentialAction":[{"@type":"SearchAction","target":{"@type":"EntryPoint","urlTemplate":"https:\/\/www.fcbarcelonanoticias.com\/en\/?s={search_term_string}"},"query-input":{"@type":"PropertyValueSpecification","valueRequired":true,"valueName":"search_term_string"}}],"inLanguage":"en-US"}]}},"_links":{"self":[{"href":"https:\/\/www.fcbarcelonanoticias.com\/en\/wp-json\/wp\/v2\/pages\/59380","targetHints":{"allow":["GET"]}}],"collection":[{"href":"https:\/\/www.fcbarcelonanoticias.com\/en\/wp-json\/wp\/v2\/pages"}],"about":[{"href":"https:\/\/www.fcbarcelonanoticias.com\/en\/wp-json\/wp\/v2\/types\/page"}],"author":[{"embeddable":true,"href":"https:\/\/www.fcbarcelonanoticias.com\/en\/wp-json\/wp\/v2\/users\/1"}],"replies":[{"embeddable":true,"href":"https:\/\/www.fcbarcelonanoticias.com\/en\/wp-json\/wp\/v2\/comments?post=59380"}],"version-history":[{"count":2,"href":"https:\/\/www.fcbarcelonanoticias.com\/en\/wp-json\/wp\/v2\/pages\/59380\/revisions"}],"predecessor-version":[{"id":162999,"href":"https:\/\/www.fcbarcelonanoticias.com\/en\/wp-json\/wp\/v2\/pages\/59380\/revisions\/162999"}],"wp:attachment":[{"href":"https:\/\/www.fcbarcelonanoticias.com\/en\/wp-json\/wp\/v2\/media?parent=59380"}],"curies":[{"name":"wp","href":"https:\/\/api.w.org\/{rel}","templated":true}]}}